{"id":113,"date":"2021-04-08T18:08:59","date_gmt":"2021-04-08T16:08:59","guid":{"rendered":"https:\/\/www.mitterlindner.co.at\/bus\/?page_id=113"},"modified":"2026-08-21T17:17:08","modified_gmt":"2026-08-21T15:17:08","slug":"redleiten-plaene","status":"publish","type":"page","link":"https:\/\/www.mitterlindner.co.at\/bus\/redleiten-plaene\/","title":{"rendered":"Redleiten &#8211; Abholzeiten 26\/27  einen netten Schulstart uns allen :)"},"content":{"rendered":"\n<p class=\"wp-block-paragraph\"><strong>ups da ist ein Fehler<\/strong> &#8211; Abholzeiten f\u00fcr den Sch\u00fclertransport &#8211; nicht f\u00fcr den Postbus &#8211; so gro\u00df sind wir nicht \ud83d\ude09<\/p>\n\n\n\n<figure class=\"wp-block-image size-large is-resized\"><img loading=\"lazy\" decoding=\"async\" width=\"724\" height=\"1024\" src=\"https:\/\/www.mitterlindner.co.at\/bus\/wp-content\/uploads\/sites\/2\/2026\/08\/Ramsch-1-724x1024.jpg\" alt=\"\" class=\"wp-image-949\" style=\"aspect-ratio:0.707037568285165;width:718px;height:auto\" srcset=\"https:\/\/www.mitterlindner.co.at\/bus\/wp-content\/uploads\/sites\/2\/2026\/08\/Ramsch-1-724x1024.jpg 724w, https:\/\/www.mitterlindner.co.at\/bus\/wp-content\/uploads\/sites\/2\/2026\/08\/Ramsch-1-212x300.jpg 212w, https:\/\/www.mitterlindner.co.at\/bus\/wp-content\/uploads\/sites\/2\/2026\/08\/Ramsch-1-768x1086.jpg 768w, https:\/\/www.mitterlindner.co.at\/bus\/wp-content\/uploads\/sites\/2\/2026\/08\/Ramsch-1-1086x1536.jpg 1086w, https:\/\/www.mitterlindner.co.at\/bus\/wp-content\/uploads\/sites\/2\/2026\/08\/Ramsch-1-1448x2048.jpg 1448w, https:\/\/www.mitterlindner.co.at\/bus\/wp-content\/uploads\/sites\/2\/2026\/08\/Ramsch-1.jpg 1654w\" sizes=\"auto, (max-width: 724px) 100vw, 724px\" \/><\/figure>\n\n\n\n<p class=\"wp-block-paragraph\"><\/p>\n\n\n\n<p class=\"has-vivid-green-cyan-color has-text-color wp-block-paragraph\"><strong>Gerne k\u00f6nnt ihr auch einen 9-sitzer Bus bei uns mieten, bzw. einen Transport z. B. Hochzeitsheimbringer, Krankentransport, Flughafentransport bei uns buchen.<\/strong><\/p>\n\n\n\n<p class=\"wp-block-paragraph\"><strong>Bei Fragen:&nbsp; Gitte Mitterlindner 0664\/5052255<\/strong><\/p>\n\n\n\n<p class=\"wp-block-paragraph\"><\/p>\n\n\n\n<p class=\"wp-block-paragraph\"><\/p>\n\n\n\n<p class=\"wp-block-paragraph\"><\/p>\n\n\n\n<p class=\"wp-block-paragraph\"><strong>Info zum Postbuszubringer: <\/strong><\/p>\n\n\n\n<p class=\"wp-block-paragraph\"><strong>Alle Sch\u00fcler, die eine h\u00f6here Schule besuchen (Unterstufe sowie Oberstufe), haben die M\u00f6glichkeit zur n\u00e4chsten Haltestelle eines \u00f6ffentlichen Verkehrsmittels (Postbus, Zug) GRATIS gefahren zu werden, wenn<\/strong><\/p>\n\n\n\n<ol style=\"list-style-type:1\" class=\"wp-block-list\">\n<li>Die Strecke mehr als 2 Kilometer betr\u00e4gt.<\/li>\n\n\n\n<li>Wenn die Strecke weniger als 2 Kilometer betr\u00e4gt, aber gef\u00e4hrlich ist.<\/li>\n\n\n\n<li>Wenn ein Gelegenheitsverkehr angeboten wird.<\/li>\n<\/ol>\n\n\n\n<p class=\"wp-block-paragraph\">Sollte Ihr Kind dies in Anspruch nehmen wollen, f\u00fcllen sie bitte den Anmeldeabschnitt aus, und wir schauen, ob wir genug Anmeldungen f\u00fcr einen Zubringer haben.<\/p>\n\n\n\n<p class=\"wp-block-paragraph\">Liebe Gr\u00fc\u00dfe Brigitte Mitterlindner<\/p>\n\n\n\n<p class=\"wp-block-paragraph\">und <strong>das Mittis<\/strong> \u2013 TEAM<\/p>\n\n\n\n<p class=\"wp-block-paragraph\">Vor und Zunahme:<\/p>\n\n\n\n<p class=\"wp-block-paragraph\">Adresse:<\/p>\n\n\n\n<p class=\"wp-block-paragraph\">Telefonnummer:<\/p>\n\n\n\n<p class=\"wp-block-paragraph\">Schule im Schuljahr 26\/27<\/p>\n\n\n\n<p class=\"wp-block-paragraph\">Schulort:<\/p>\n\n\n\n<p class=\"wp-block-paragraph\">Einstiegstelle Postbus<\/p>\n\n\n\n<p class=\"wp-block-paragraph\">Datum, Unterschrift:<\/p>\n\n\n\n<p class=\"wp-block-paragraph\"><\/p>\n","protected":false},"excerpt":{"rendered":"<p>ups da ist ein Fehler &#8211; Abholzeiten f\u00fcr den Sch\u00fclertransport &#8211; nicht f\u00fcr den Postbus &#8211; so gro\u00df sind wir nicht \ud83d\ude09 Gerne k\u00f6nnt ihr auch einen 9-sitzer Bus bei uns mieten, bzw. einen Transport z. B. Hochzeitsheimbringer, Krankentransport, Flughafentransport&hellip; <\/p>\n","protected":false},"author":1,"featured_media":0,"parent":0,"menu_order":0,"comment_status":"closed","ping_status":"closed","template":"","meta":{"footnotes":""},"class_list":["post-113","page","type-page","status-publish","hentry"],"_links":{"self":[{"href":"https:\/\/www.mitterlindner.co.at\/bus\/wp-json\/wp\/v2\/pages\/113","targetHints":{"allow":["GET"]}}],"collection":[{"href":"https:\/\/www.mitterlindner.co.at\/bus\/wp-json\/wp\/v2\/pages"}],"about":[{"href":"https:\/\/www.mitterlindner.co.at\/bus\/wp-json\/wp\/v2\/types\/page"}],"author":[{"embeddable":true,"href":"https:\/\/www.mitterlindner.co.at\/bus\/wp-json\/wp\/v2\/users\/1"}],"replies":[{"embeddable":true,"href":"https:\/\/www.mitterlindner.co.at\/bus\/wp-json\/wp\/v2\/comments?post=113"}],"version-history":[{"count":47,"href":"https:\/\/www.mitterlindner.co.at\/bus\/wp-json\/wp\/v2\/pages\/113\/revisions"}],"predecessor-version":[{"id":950,"href":"https:\/\/www.mitterlindner.co.at\/bus\/wp-json\/wp\/v2\/pages\/113\/revisions\/950"}],"wp:attachment":[{"href":"https:\/\/www.mitterlindner.co.at\/bus\/wp-json\/wp\/v2\/media?parent=113"}],"curies":[{"name":"wp","href":"https:\/\/api.w.org\/{rel}","templated":true}]}}